{"id":3872,"date":"2024-09-16T19:48:04","date_gmt":"2024-09-16T17:48:04","guid":{"rendered":"https:\/\/szerszamgepfelujitas.hu\/?page_id=3872"},"modified":"2024-09-16T19:48:21","modified_gmt":"2024-09-16T17:48:21","slug":"aszf","status":"publish","type":"page","link":"https:\/\/szerszamgepfelujitas.hu\/en\/aszf\/","title":{"rendered":"GTC"},"content":{"rendered":"<p>[et_pb_section fb_built=&#8221;1&#8243; theme_builder_area=&#8221;post_content&#8221; _builder_version=&#8221;4.27.0&#8243; _module_preset=&#8221;default&#8221;][et_pb_row _builder_version=&#8221;4.27.0&#8243; _module_preset=&#8221;default&#8221; theme_builder_area=&#8221;post_content&#8221;][et_pb_column _builder_version=&#8221;4.27.0&#8243; _module_preset=&#8221;default&#8221; type=&#8221;4_4&#8243; theme_builder_area=&#8221;post_content&#8221;][et_pb_text _builder_version=&#8221;4.27.0&#8243; _module_preset=&#8221;default&#8221; theme_builder_area=&#8221;post_content&#8221; text_line_height=&#8221;1.5em&#8221; text_orientation=&#8221;justified&#8221; header_3_text_color=&#8221;#2075B8&#8243; header_3_font=&#8221;Oswald|600|||||||&#8221; header_3_text_align=&#8221;left&#8221; header_5_font=&#8221;Oswald|500|||||||&#8221; header_5_text_color=&#8221;#272660&#8243; header_5_text_align=&#8221;left&#8221; hover_enabled=&#8221;0&#8243; sticky_enabled=&#8221;0&#8243;]<\/p>\n<h3>\u00c1ltal\u00e1nos szerz\u0151d\u00e9si felt\u00e9telek<\/h3>\n<p>Az elad\u00f3 adatai:<br \/>C\u00e9gn\u00e9v: MP Trend Kft.<br \/>C\u00edm: 2643 Di\u00f3sjen\u0151 Kossuth \u00fat 103.<br \/>Tel. : +36 35 364 011<br \/>E-mail c\u00edm: info@mptrend.hu<br \/>Ad\u00f3sz\u00e1m: 12824933-2-12<br \/>Banksz\u00e1mlasz\u00e1m: CIB 10700196-26440004-51100005<\/p>\n<h5>A szerz\u0151d\u00e9s t\u00e1rgya<\/h5>\n<p>A szerz\u0151d\u00e9s t\u00e1rgya a MP Trend Kft. internetes \u00e1ruh\u00e1z\u00e1ban tal\u00e1lhat\u00f3 valamennyi \u00e1rucikk. Az \u00e1rucikkek tulajdons\u00e1gait, jellemz\u0151it az \u00e1rucikkek megnevez\u00e9s\u00e9ben \u00e9s a f\u00e9nyk\u00e9peken tal\u00e1lja, melyek esetenk\u00e9nt illusztr\u00e1ci\u00f3k.<\/p>\n<h5>V\u00e9tel\u00e1r<\/h5>\n<p>Az \u00e1rucikkek mellett felt\u00fcntetett \u00e1r az \u00e1rucikk v\u00e9tel\u00e1ra, amely NEM tartalmazza az \u00e1ltal\u00e1nos forgalmi ad\u00f3t (27%). A felt\u00fcntetett \u00e1rak egy darab \u00e1rucikkre vonatkoznak.<\/p>\n<h5>Fizet\u00e9si felt\u00e9telek<\/h5>\n<p>\u00d6n a k\u00f6vetkez\u0151 fizet\u00e9si m\u00f3dok k\u00f6z\u00fcl v\u00e1laszthat: ut\u00e1nv\u00e9t, el\u0151re \u00e1tutal\u00e1s, szem\u00e9lyes \u00fcgyint\u00e9z\u00e9s\/fizet\u00e9s \u00e1tv\u00e9telkor k\u00e9szp\u00e9nzzel.<\/p>\n<h5>Garancia<\/h5>\n<p>\u00c1ruk\u00e9szlet\u00fcnkben szerepl\u0151 (pl.digit\u00e1lis kijelz\u0151k, \u00fatm\u00e9r\u0151k) term\u00e9kekre a term\u00e9k adatlapja szerinti 1 \u00e9ves garanci\u00e1t biztos\u00edtunk. A garancia rendeltet\u00e9sszer\u0171 haszn\u00e1lat mellett \u00e9rv\u00e9nyes\u00edthet\u0151.<\/p>\n<p>Ha a megrendelt \u00e1rucikk hib\u00e1s, akkor azt az MP Trend Kft. d\u00edjmentesen kicser\u00e9li. A term\u00e9k visszajuttat\u00e1s\u00e1nak k\u00f6lts\u00e9geit a megrendel\u0151 viseli.<\/p>\n<h5>Sz\u00e1ll\u00edt\u00e1s<\/h5>\n<p>A term\u00e9kek mennyis\u00e9gi adatait naponta friss\u00edtj\u00fck. A term\u00e9kek mellett szerepl\u0151 mennyis\u00e9gek t\u00e1j\u00e9koztat\u00f3 jelleg\u0171ek, mivel azok a nap folyam\u00e1n v\u00e1ltozhatnak. Amennyiben egy term\u00e9k nem \u00e1ll rendelkez\u00e9s\u00fcnkre, egyeztet\u00fcnk \u00fcgyfel\u00fcnkkel.<\/p>\n<p>A megrendelt \u00e1rucikkeket minden esetben visszaigazoljuk Partner\u00fcnknek \u00e9s t\u00e1j\u00e9koztatjuk a sz\u00e1ll\u00edt\u00e1si hat\u00e1rid\u0151kr\u0151l.<\/p>\n<p>Csomagjainkat els\u0151dlegesen a DPD fut\u00e1rszolg\u00e1lat sz\u00e1ll\u00edtja h\u00e1zhoz.\u00a0Megrendel\u00e9s\u00e9t a rendel\u00e9s id\u0151pontj\u00e1t\u00f3l \u00e9s a rakt\u00e1rk\u00e9szlett\u0151l f\u00fcgg\u0151en 1-2 munkanapon bel\u00fcl a sz\u00e1ll\u00edt\u00f3nak \u00e1tadjuk. A DPD csomagsz\u00e1ll\u00edt\u00e1s hat\u00e1rideje: 1 munkanap.<\/p>\n<p>Ig\u00e9ny eset\u00e9n csomagjainkat a Magyar Posta MPL szolg\u00e1ltat\u00e1s\u00e1val is k\u00fcldj\u00fck. Rakt\u00e1rk\u00e9szletr\u0151l t\u00f6rt\u00e9n\u0151 Megrendel\u00e9s\u00e9t a rendel\u00e9s id\u0151pontj\u00e1t\u00f3l f\u00fcgg\u0151en a sz\u00e1ll\u00edt\u00e1si hat\u00e1rid\u0151 1-3 munkanap. A Posta a felad\u00e1s napj\u00e1t k\u00f6vet\u0151 24 \u00f3r\u00e1n bel\u00fcl b\u00e1rmely magyarorsz\u00e1gi c\u00edmzetthez eljuttatja a k\u00fcldem\u00e9nyt.<\/p>\n<p><strong>A sz\u00e1ll\u00edt\u00e1s k\u00f6lts\u00e9geir\u0151l a H\u00e1zhoz sz\u00e1ll\u00edt\u00e1s men\u00fcpont alatt olvashat.<\/strong><\/p>\n<h5>Az el\u00e1ll\u00e1s joga<\/h5>\n<p>Megrendel\u00e9se sor\u00e1n \u00d6n \u00e9lhet a 17\/1999. Korm\u00e1nyrendeletben r\u00e9szletesen r\u00f6gz\u00edtett felt\u00e9tel n\u00e9lk\u00fcli el\u00e1ll\u00e1si jog\u00e1val. \u00d6n a szerz\u0151d\u00e9st\u0151l, az \u00e1ru \u00e1tv\u00e9tel\u00e9t k\u00f6vet\u0151 nyolc munkanapon bel\u00fcl indokl\u00e1s n\u00e9lk\u00fcl el\u00e1llhat. Ebben az esetben az Elad\u00f3 k\u00f6teles a Vev\u0151 \u00e1ltal kifizetett \u00f6sszeget halad\u00e9ktalanul, de legk\u00e9s\u0151bb az el\u00e1ll\u00e1st \u00e9s az \u00e1ru visszaszolg\u00e1ltat\u00e1s\u00e1t k\u00f6vet\u0151 harminc napon bel\u00fcl visszat\u00e9r\u00edteni.<br \/>A Vev\u0151 viseli az el\u00e1ll\u00e1si jog gyakorl\u00e1sa miatt az \u00e1ru visszaszolg\u00e1ltat\u00e1s\u00e1val kapcsolatban felmer\u00fclt k\u00f6lts\u00e9geket. Az Elad\u00f3 k\u00f6vetelheti az \u00e1ru nem rendeltet\u00e9sszer\u0171 haszn\u00e1lat\u00e1b\u00f3l ered\u0151 k\u00e1r\u00e1nak megt\u00e9r\u00edt\u00e9s\u00e9t. A V\u00e1s\u00e1rl\u00f3 nem jogosult el\u00e1ll\u00e1si jog\u00e1t gyakorolni, ha a csomagol\u00e1st felbontotta.<\/p>\n<p>Csak az MP Trend Kft.-hez be\u00e9rkezett e-mail tekinthet\u0151 el\u00e1ll\u00e1snak. Abban az esetben, ha az e-mail elveszett, vagy nem a megadott id\u0151n bel\u00fcl \u00e9rkezett meg, akkor a rendel\u00e9s teljes\u00edt\u00e9sre ker\u00fcl. Ha a vev\u0151 a rendel\u00e9st\u0151l nem a megadott id\u0151ben vagy m\u00f3don \u00e1ll el, akkor minden, a rendel\u00e9ssel kapcsolatos k\u00f6lts\u00e9get k\u00f6teles megt\u00e9r\u00edteni.<\/p>\n<h5>Adatv\u00e9delem<\/h5>\n<p>Az MP Trend Kft. tiszteletben tartja \u00e9s meg\u00f3vja az \u00f6n szem\u00e9lyes adatait. Az \u00f6n \u00e1ltal megadott adatokat bizalmasan kezelj\u00fck, harmadik f\u00e9lnek nem adjuk \u00e1t, \u00e9s azokat csak saj\u00e1t c\u00e9ljainkra haszn\u00e1ljuk fel.<\/p>\n<p>Abban az esetben, ha egy term\u00e9k el\u00edr\u00e1s, vagy a forgalmaz\u00f3t\u00f3l kapott hib\u00e1s inform\u00e1ci\u00f3 miatt rossz \u00e1ron, vagy hib\u00e1s inform\u00e1ci\u00f3val ker\u00fcl forgalomba, t\u00e1rsas\u00e1gunk jogosult az ilyen term\u00e9kekre vonatkoz\u00f3 rendel\u00e9s visszautas\u00edt\u00e1s\u00e1ra, illetve t\u00f6rl\u00e9s\u00e9re. Err\u0151l minden esetben t\u00e1j\u00e9koztatjuk a megrendel\u0151t.<\/p>\n<h5>Egy\u00e9b rendelkez\u00e9sek<\/h5>\n<p>Jogvita eset\u00e9n a felek kik\u00f6tik a V\u00e1ci V\u00e1rosi b\u00edr\u00f3s\u00e1g kiz\u00e1r\u00f3lagos illet\u00e9kess\u00e9g\u00e9t, valamint a szerz\u0151d\u0151 felek a magyar jogot tekintik ir\u00e1nyad\u00f3nak.<\/p>\n<p>[\/et_pb_text][\/et_pb_column][\/et_pb_row][\/et_pb_section]<\/p>","protected":false},"excerpt":{"rendered":"<p>\u00c1ltal\u00e1nos szerz\u0151d\u00e9si felt\u00e9telek Az elad\u00f3 adatai:C\u00e9gn\u00e9v: MP Trend Kft.C\u00edm: 2643 Di\u00f3sjen\u0151 Kossuth \u00fat 103.Tel. : +36 35 364 011E-mail c\u00edm: info@mptrend.huAd\u00f3sz\u00e1m: 12824933-2-12Banksz\u00e1mlasz\u00e1m: CIB 10700196-26440004-51100005 A szerz\u0151d\u00e9s t\u00e1rgya A szerz\u0151d\u00e9s t\u00e1rgya a MP Trend Kft. internetes \u00e1ruh\u00e1z\u00e1ban tal\u00e1lhat\u00f3 valamennyi \u00e1rucikk. Az \u00e1rucikkek tulajdons\u00e1gait, jellemz\u0151it az \u00e1rucikkek megnevez\u00e9s\u00e9ben \u00e9s a f\u00e9nyk\u00e9peken tal\u00e1lja, melyek esetenk\u00e9nt illusztr\u00e1ci\u00f3k. V\u00e9tel\u00e1r Az [&hellip;]<\/p>","protected":false},"author":1,"featured_media":0,"parent":0,"menu_order":0,"comment_status":"closed","ping_status":"closed","template":"","meta":{"_et_pb_use_builder":"on","_et_pb_old_content":"","_et_gb_content_width":"","inline_featured_image":false,"footnotes":""},"class_list":["post-3872","page","type-page","status-publish","hentry"],"yoast_head":"<!-- This site is optimized with the Yoast SEO plugin v23.5 - https:\/\/yoast.com\/wordpress\/plugins\/seo\/ -->\n<title>\u00c1SZF - MP Trend Kft<\/title>\n<meta name=\"robots\" content=\"index, follow, max-snippet:-1, max-image-preview:large, max-video-preview:-1\" \/>\n<link rel=\"canonical\" href=\"https:\/\/szerszamgepfelujitas.hu\/en\/aszf\/\" \/>\n<meta property=\"og:locale\" content=\"en_GB\" \/>\n<meta property=\"og:type\" content=\"article\" \/>\n<meta property=\"og:title\" content=\"\u00c1SZF - MP Trend Kft\" \/>\n<meta property=\"og:description\" content=\"\u00c1ltal\u00e1nos szerz\u0151d\u00e9si felt\u00e9telek Az elad\u00f3 adatai:C\u00e9gn\u00e9v: MP Trend Kft.C\u00edm: 2643 Di\u00f3sjen\u0151 Kossuth \u00fat 103.Tel. : +36 35 364 011E-mail c\u00edm: info@mptrend.huAd\u00f3sz\u00e1m: 12824933-2-12Banksz\u00e1mlasz\u00e1m: CIB 10700196-26440004-51100005 A szerz\u0151d\u00e9s t\u00e1rgya A szerz\u0151d\u00e9s t\u00e1rgya a MP Trend Kft. internetes \u00e1ruh\u00e1z\u00e1ban tal\u00e1lhat\u00f3 valamennyi \u00e1rucikk. Az \u00e1rucikkek tulajdons\u00e1gait, jellemz\u0151it az \u00e1rucikkek megnevez\u00e9s\u00e9ben \u00e9s a f\u00e9nyk\u00e9peken tal\u00e1lja, melyek esetenk\u00e9nt illusztr\u00e1ci\u00f3k. V\u00e9tel\u00e1r Az [&hellip;]\" \/>\n<meta property=\"og:url\" content=\"https:\/\/szerszamgepfelujitas.hu\/en\/aszf\/\" \/>\n<meta property=\"og:site_name\" content=\"MP Trend Kft\" \/>\n<meta property=\"article:modified_time\" content=\"2024-09-16T17:48:21+00:00\" \/>\n<meta name=\"twitter:card\" content=\"summary_large_image\" \/>\n<meta name=\"twitter:label1\" content=\"Estimated reading time\" \/>\n\t<meta name=\"twitter:data1\" content=\"4 minutes\" \/>\n<script type=\"application\/ld+json\" class=\"yoast-schema-graph\">{\"@context\":\"https:\/\/schema.org\",\"@graph\":[{\"@type\":\"WebPage\",\"@id\":\"https:\/\/szerszamgepfelujitas.hu\/aszf\/\",\"url\":\"https:\/\/szerszamgepfelujitas.hu\/aszf\/\",\"name\":\"\u00c1SZF - MP Trend Kft\",\"isPartOf\":{\"@id\":\"https:\/\/szerszamgepfelujitas.hu\/#website\"},\"datePublished\":\"2024-09-16T17:48:04+00:00\",\"dateModified\":\"2024-09-16T17:48:21+00:00\",\"breadcrumb\":{\"@id\":\"https:\/\/szerszamgepfelujitas.hu\/aszf\/#breadcrumb\"},\"inLanguage\":\"en-GB\",\"potentialAction\":[{\"@type\":\"ReadAction\",\"target\":[\"https:\/\/szerszamgepfelujitas.hu\/aszf\/\"]}]},{\"@type\":\"BreadcrumbList\",\"@id\":\"https:\/\/szerszamgepfelujitas.hu\/aszf\/#breadcrumb\",\"itemListElement\":[{\"@type\":\"ListItem\",\"position\":1,\"name\":\"Kezd\u0151lap\",\"item\":\"https:\/\/szerszamgepfelujitas.hu\/\"},{\"@type\":\"ListItem\",\"position\":2,\"name\":\"\u00c1SZF\"}]},{\"@type\":\"WebSite\",\"@id\":\"https:\/\/szerszamgepfelujitas.hu\/#website\",\"url\":\"https:\/\/szerszamgepfelujitas.hu\/\",\"name\":\"MP Trend Kft\",\"description\":\"K\u00f6sz\u00f6r\u0171g\u00e9p fel\u00faj\u00edt\u00e1s, Excenter pr\u00e9sg\u00e9p fel\u00faj\u00edt\u00e1s, CNC vez\u00e9rl\u00e9scsere\",\"publisher\":{\"@id\":\"https:\/\/szerszamgepfelujitas.hu\/#organization\"},\"potentialAction\":[{\"@type\":\"SearchAction\",\"target\":{\"@type\":\"EntryPoint\",\"urlTemplate\":\"https:\/\/szerszamgepfelujitas.hu\/?s={search_term_string}\"},\"query-input\":{\"@type\":\"PropertyValueSpecification\",\"valueRequired\":true,\"valueName\":\"search_term_string\"}}],\"inLanguage\":\"en-GB\"},{\"@type\":\"Organization\",\"@id\":\"https:\/\/szerszamgepfelujitas.hu\/#organization\",\"name\":\"MP Trend Kft Szersz\u00e1mg\u00e9p fel\u00faj\u00edt\u00e1s\",\"url\":\"https:\/\/szerszamgepfelujitas.hu\/\",\"logo\":{\"@type\":\"ImageObject\",\"inLanguage\":\"en-GB\",\"@id\":\"https:\/\/szerszamgepfelujitas.hu\/#\/schema\/logo\/image\/\",\"url\":\"https:\/\/szerszamgepfelujitas.hu\/wp-content\/uploads\/2024\/09\/mplogo.webp\",\"contentUrl\":\"https:\/\/szerszamgepfelujitas.hu\/wp-content\/uploads\/2024\/09\/mplogo.webp\",\"width\":600,\"height\":100,\"caption\":\"MP Trend Kft Szersz\u00e1mg\u00e9p fel\u00faj\u00edt\u00e1s\"},\"image\":{\"@id\":\"https:\/\/szerszamgepfelujitas.hu\/#\/schema\/logo\/image\/\"}}]}<\/script>\n<!-- \/ Yoast SEO plugin. -->","yoast_head_json":{"title":"\u00c1SZF - MP Trend Kft","robots":{"index":"index","follow":"follow","max-snippet":"max-snippet:-1","max-image-preview":"max-image-preview:large","max-video-preview":"max-video-preview:-1"},"canonical":"https:\/\/szerszamgepfelujitas.hu\/en\/aszf\/","og_locale":"en_GB","og_type":"article","og_title":"\u00c1SZF - MP Trend Kft","og_description":"\u00c1ltal\u00e1nos szerz\u0151d\u00e9si felt\u00e9telek Az elad\u00f3 adatai:C\u00e9gn\u00e9v: MP Trend Kft.C\u00edm: 2643 Di\u00f3sjen\u0151 Kossuth \u00fat 103.Tel. : +36 35 364 011E-mail c\u00edm: info@mptrend.huAd\u00f3sz\u00e1m: 12824933-2-12Banksz\u00e1mlasz\u00e1m: CIB 10700196-26440004-51100005 A szerz\u0151d\u00e9s t\u00e1rgya A szerz\u0151d\u00e9s t\u00e1rgya a MP Trend Kft. internetes \u00e1ruh\u00e1z\u00e1ban tal\u00e1lhat\u00f3 valamennyi \u00e1rucikk. Az \u00e1rucikkek tulajdons\u00e1gait, jellemz\u0151it az \u00e1rucikkek megnevez\u00e9s\u00e9ben \u00e9s a f\u00e9nyk\u00e9peken tal\u00e1lja, melyek esetenk\u00e9nt illusztr\u00e1ci\u00f3k. V\u00e9tel\u00e1r Az [&hellip;]","og_url":"https:\/\/szerszamgepfelujitas.hu\/en\/aszf\/","og_site_name":"MP Trend Kft","article_modified_time":"2024-09-16T17:48:21+00:00","twitter_card":"summary_large_image","twitter_misc":{"Estimated reading time":"4 minutes"},"schema":{"@context":"https:\/\/schema.org","@graph":[{"@type":"WebPage","@id":"https:\/\/szerszamgepfelujitas.hu\/aszf\/","url":"https:\/\/szerszamgepfelujitas.hu\/aszf\/","name":"\u00c1SZF - MP Trend Kft","isPartOf":{"@id":"https:\/\/szerszamgepfelujitas.hu\/#website"},"datePublished":"2024-09-16T17:48:04+00:00","dateModified":"2024-09-16T17:48:21+00:00","breadcrumb":{"@id":"https:\/\/szerszamgepfelujitas.hu\/aszf\/#breadcrumb"},"inLanguage":"en-GB","potentialAction":[{"@type":"ReadAction","target":["https:\/\/szerszamgepfelujitas.hu\/aszf\/"]}]},{"@type":"BreadcrumbList","@id":"https:\/\/szerszamgepfelujitas.hu\/aszf\/#breadcrumb","itemListElement":[{"@type":"ListItem","position":1,"name":"Kezd\u0151lap","item":"https:\/\/szerszamgepfelujitas.hu\/"},{"@type":"ListItem","position":2,"name":"\u00c1SZF"}]},{"@type":"WebSite","@id":"https:\/\/szerszamgepfelujitas.hu\/#website","url":"https:\/\/szerszamgepfelujitas.hu\/","name":"MP Trend Kft","description":"K\u00f6sz\u00f6r\u0171g\u00e9p fel\u00faj\u00edt\u00e1s, Excenter pr\u00e9sg\u00e9p fel\u00faj\u00edt\u00e1s, CNC vez\u00e9rl\u00e9scsere","publisher":{"@id":"https:\/\/szerszamgepfelujitas.hu\/#organization"},"potentialAction":[{"@type":"SearchAction","target":{"@type":"EntryPoint","urlTemplate":"https:\/\/szerszamgepfelujitas.hu\/?s={search_term_string}"},"query-input":{"@type":"PropertyValueSpecification","valueRequired":true,"valueName":"search_term_string"}}],"inLanguage":"en-GB"},{"@type":"Organization","@id":"https:\/\/szerszamgepfelujitas.hu\/#organization","name":"MP Trend Kft Szersz\u00e1mg\u00e9p fel\u00faj\u00edt\u00e1s","url":"https:\/\/szerszamgepfelujitas.hu\/","logo":{"@type":"ImageObject","inLanguage":"en-GB","@id":"https:\/\/szerszamgepfelujitas.hu\/#\/schema\/logo\/image\/","url":"https:\/\/szerszamgepfelujitas.hu\/wp-content\/uploads\/2024\/09\/mplogo.webp","contentUrl":"https:\/\/szerszamgepfelujitas.hu\/wp-content\/uploads\/2024\/09\/mplogo.webp","width":600,"height":100,"caption":"MP Trend Kft Szersz\u00e1mg\u00e9p fel\u00faj\u00edt\u00e1s"},"image":{"@id":"https:\/\/szerszamgepfelujitas.hu\/#\/schema\/logo\/image\/"}}]}},"_links":{"self":[{"href":"https:\/\/szerszamgepfelujitas.hu\/en\/wp-json\/wp\/v2\/pages\/3872"}],"collection":[{"href":"https:\/\/szerszamgepfelujitas.hu\/en\/wp-json\/wp\/v2\/pages"}],"about":[{"href":"https:\/\/szerszamgepfelujitas.hu\/en\/wp-json\/wp\/v2\/types\/page"}],"author":[{"embeddable":true,"href":"https:\/\/szerszamgepfelujitas.hu\/en\/wp-json\/wp\/v2\/users\/1"}],"replies":[{"embeddable":true,"href":"https:\/\/szerszamgepfelujitas.hu\/en\/wp-json\/wp\/v2\/comments?post=3872"}],"version-history":[{"count":3,"href":"https:\/\/szerszamgepfelujitas.hu\/en\/wp-json\/wp\/v2\/pages\/3872\/revisions"}],"predecessor-version":[{"id":3875,"href":"https:\/\/szerszamgepfelujitas.hu\/en\/wp-json\/wp\/v2\/pages\/3872\/revisions\/3875"}],"wp:attachment":[{"href":"https:\/\/szerszamgepfelujitas.hu\/en\/wp-json\/wp\/v2\/media?parent=3872"}],"curies":[{"name":"wp","href":"https:\/\/api.w.org\/{rel}","templated":true}]}}